{"id":3167,"date":"2025-02-20T13:46:12","date_gmt":"2025-02-20T12:46:12","guid":{"rendered":"https:\/\/www.abbayedereigny.com\/programme-2025\/"},"modified":"2026-02-14T09:37:36","modified_gmt":"2026-02-14T08:37:36","slug":"programme-2025","status":"publish","type":"page","link":"https:\/\/www.abbayedereigny.com\/en\/programme-2025\/","title":{"rendered":"Programme 2025"},"content":{"rendered":"<p>[et_pb_section fb_built=&#8221;1&#8243; admin_label=&#8221;Process&#8221; _builder_version=&#8221;4.17.4&#8243; background_image=&#8221;https:\/\/www.abbayedereigny.com\/wp-content\/uploads\/2022\/05\/Plan-de-travail-1fond2.jpg&#8221; parallax=&#8221;on&#8221; saved_tabs=&#8221;all&#8221; locked=&#8221;off&#8221; global_colors_info=&#8221;{}&#8221;][et_pb_row column_structure=&#8221;1_4,3_4&#8243; _builder_version=&#8221;4.16&#8243; custom_padding=&#8221;27px||0px|||&#8221; locked=&#8221;off&#8221; global_colors_info=&#8221;{}&#8221;][et_pb_column type=&#8221;1_4&#8243; _builder_version=&#8221;4.16&#8243; global_colors_info=&#8221;{}&#8221;][et_pb_image src=&#8221;https:\/\/www.abbayedereigny.com\/wp-content\/uploads\/2025\/02\/Fichier-1logo-20-ans-A-jaune-Amis-de-labbaye-de-Reigny.png&#8221; title_text=&#8221;Fichier 1logo 20 ans A jaune Amis de l&#039;abbaye de Reigny&#8221; admin_label=&#8221;Image&#8221; _builder_version=&#8221;4.27.4&#8243; _module_preset=&#8221;default&#8221; global_colors_info=&#8221;{}&#8221;][\/et_pb_image][\/et_pb_column][et_pb_column type=&#8221;3_4&#8243; _builder_version=&#8221;4.16&#8243; global_colors_info=&#8221;{}&#8221;][et_pb_text _builder_version=&#8221;4.27.4&#8243; header_line_height=&#8221;0.8em&#8221; header_2_font=&#8221;Abhaya Libre||||||||&#8221; header_2_text_align=&#8221;left&#8221; header_2_font_size=&#8221;65px&#8221; header_4_font=&#8221;|700||on|||||&#8221; header_4_text_align=&#8221;left&#8221; header_4_text_color=&#8221;#bea88f&#8221; header_4_font_size=&#8221;12px&#8221; header_4_letter_spacing=&#8221;2.6px&#8221; header_4_line_height=&#8221;1.6em&#8221; text_orientation=&#8221;center&#8221; max_width=&#8221;100%&#8221; module_alignment=&#8221;right&#8221; custom_margin=&#8221;10px||-70px||false|false&#8221; custom_padding=&#8221;4px||39px||false|false&#8221; header_2_font_size_tablet=&#8221;34px&#8221; header_2_font_size_phone=&#8221;28px&#8221; header_2_font_size_last_edited=&#8221;on|phone&#8221; locked=&#8221;off&#8221; global_colors_info=&#8221;{}&#8221;]<\/p>\n<h4>Association<\/h4>\n<h2>Friends <br \/>of Reigny Abbey<\/h2>\n<p>[\/et_pb_text][et_pb_text _builder_version=&#8221;4.27.4&#8243; header_2_font=&#8221;Abhaya Libre||||||||&#8221; header_2_text_align=&#8221;left&#8221; header_2_font_size=&#8221;65px&#8221; header_2_line_height=&#8221;1.8em&#8221; header_4_font=&#8221;|700||on|||||&#8221; header_4_text_align=&#8221;left&#8221; header_4_text_color=&#8221;#bf6c13&#8243; header_4_font_size=&#8221;17px&#8221; header_4_letter_spacing=&#8221;1.8px&#8221; header_4_line_height=&#8221;1.6em&#8221; text_orientation=&#8221;center&#8221; max_width=&#8221;100%&#8221; module_alignment=&#8221;right&#8221; custom_margin=&#8221;33px|||||&#8221; custom_padding=&#8221;0px|||||&#8221; header_2_font_size_tablet=&#8221;34px&#8221; header_2_font_size_phone=&#8221;28px&#8221; header_2_font_size_last_edited=&#8221;on|phone&#8221; locked=&#8221;off&#8221; global_colors_info=&#8221;{}&#8221;]<\/p>\n<h4>20th anniversary of the association<\/h4>\n<p>[\/et_pb_text][\/et_pb_column][\/et_pb_row][et_pb_row column_structure=&#8221;2_3,1_3&#8243; _builder_version=&#8221;4.27.4&#8243; _module_preset=&#8221;default&#8221; custom_padding=&#8221;42px|||||&#8221; global_colors_info=&#8221;{}&#8221;][et_pb_column type=&#8221;2_3&#8243; admin_label=&#8221;Column&#8221; _builder_version=&#8221;4.27.4&#8243; _module_preset=&#8221;default&#8221; global_colors_info=&#8221;{}&#8221;][et_pb_text _builder_version=&#8221;4.27.4&#8243; text_font_size=&#8221;16px&#8221; text_line_height=&#8221;1.8em&#8221; header_3_font=&#8221;Abhaya Libre||||||||&#8221; header_3_text_color=&#8221;#bea88f&#8221; header_3_font_size=&#8221;40px&#8221; header_4_font=&#8221;|700|||||||&#8221; header_4_font_size=&#8221;12px&#8221; header_4_line_height=&#8221;1.4em&#8221; custom_margin=&#8221;38px||9px|||&#8221; locked=&#8221;off&#8221; global_colors_info=&#8221;{}&#8221;]<\/p>\n<h3>Season 2025 &#8211; Schedule<\/h3>\n<p>[\/et_pb_text][\/et_pb_column][et_pb_column type=&#8221;1_3&#8243; admin_label=&#8221;Column&#8221; _builder_version=&#8221;4.27.4&#8243; _module_preset=&#8221;default&#8221; global_colors_info=&#8221;{}&#8221;][et_pb_button button_url=&#8221;https:\/\/www.helloasso.com\/associations\/association-des-amis-de-l-abbaye-de-reigny\/adhesions\/bulletin-d-adhesion-2026&#8243; url_new_window=&#8221;on&#8221; button_text=&#8221;Membership 2026&#8243; button_alignment=&#8221;center&#8221; _builder_version=&#8221;4.27.5&#8243; _module_preset=&#8221;default&#8221; custom_button=&#8221;on&#8221; button_text_color=&#8221;#FFFFFF&#8221; button_bg_color=&#8221;#BEA88F&#8221; global_colors_info=&#8221;{}&#8221;][\/et_pb_button][\/et_pb_column][\/et_pb_row][et_pb_row column_structure=&#8221;1_3,1_3,1_3&#8243; use_custom_gutter=&#8221;on&#8221; gutter_width=&#8221;4&#8243; admin_label=&#8221;Line&#8221; _builder_version=&#8221;4.27.4&#8243; _module_preset=&#8221;default&#8221; global_colors_info=&#8221;{}&#8221;][et_pb_column type=&#8221;1_3&#8243; _builder_version=&#8221;4.25.2&#8243; _module_preset=&#8221;default&#8221; global_colors_info=&#8221;{}&#8221;][et_pb_blurb title=&#8221;Saturday April 5 and Sunday April 6&#8243; image=&#8221;https:\/\/www.abbayedereigny.com\/wp-content\/uploads\/2025\/02\/Image1.jpg&#8221; alt=&#8221;Worksite at Reigny Abbey&#8221; admin_label=&#8221;R\u00e9sum\u00e9&#8221; _builder_version=&#8221;4.27.4&#8243; _module_preset=&#8221;default&#8221; header_font=&#8221;|700|||||||&#8221; header_text_color=&#8221;#bf7622&#8243; header_font_size=&#8221;16px&#8221; background_color=&#8221;rgba(190,168,143,0.1)&#8221; custom_padding=&#8221;10px|10px|10px|10px|true|true&#8221; filter_sepia=&#8221;100%&#8221; filter_opacity=&#8221;77%&#8221; box_shadow_style=&#8221;preset3&#8243; global_colors_info=&#8221;{}&#8221;]<\/p>\n<p><strong>Weekend workcamps<\/strong> to restore the farm buildings and maintain the gardens.<\/p>\n<p style=\"text-align: right;\"><strong>Accommodation and meals provided.<\/strong><\/p>\n<p>[\/et_pb_blurb][et_pb_blurb title=&#8221;Saturday June 7 and Monday June 9&#8243; image=&#8221;https:\/\/www.abbayedereigny.com\/wp-content\/uploads\/2025\/06\/Amis-de-labbaye-de-Reigny-Week-end-chantiers-des-samedi-7-et-lundi-9-juin.jpg&#8221; alt=&#8221;Amis de l&#039;Abbaye de Reigny, week-end chantier juin 2024&#8243; admin_label=&#8221;R\u00e9sum\u00e9&#8221; _builder_version=&#8221;4.27.4&#8243; _dynamic_attributes=&#8221;link_option_url&#8221; _module_preset=&#8221;default&#8221; header_font=&#8221;|700|||||||&#8221; header_text_color=&#8221;#bf7622&#8243; header_font_size=&#8221;16px&#8221; background_color=&#8221;rgba(190,168,143,0.1)&#8221; custom_margin=&#8221;||15px||false|false&#8221; custom_padding=&#8221;10px|10px|10px|10px|true|true&#8221; link_option_url=&#8221;@ET-DC@eyJkeW5hbWljIjp0cnVlLCJjb250ZW50IjoicG9zdF9saW5rX3VybF9wb3N0Iiwic2V0dGluZ3MiOnsicG9zdF9pZCI6IjM2MjAiLCJlbmFibGVfaHRtbCI6Im9mZiJ9fQ==@&#8221; box_shadow_style=&#8221;preset3&#8243; global_colors_info=&#8221;{}&#8221;]<\/p>\n<p><strong>Weekend workcamps<\/strong> to restore the farm buildings and maintain the gardens.<\/p>\n<p style=\"text-align: right;\"><strong>2-day summary<\/strong><\/p>\n<p>[\/et_pb_blurb][et_pb_button button_url=&#8221;@ET-DC@eyJkeW5hbWljIjp0cnVlLCJjb250ZW50IjoicG9zdF9saW5rX3VybF9wb3N0Iiwic2V0dGluZ3MiOnsicG9zdF9pZCI6IjM2MjAiLCJlbmFibGVfaHRtbCI6Im9mZiJ9fQ==@&#8221; url_new_window=&#8221;on&#8221; button_text=&#8221;Tons of good humor and friendship.&#8221; button_alignment=&#8221;center&#8221; admin_label=&#8221;Bouton&#8221; _builder_version=&#8221;4.27.4&#8243; _dynamic_attributes=&#8221;button_url&#8221; _module_preset=&#8221;default&#8221; custom_margin=&#8221;||43px||false|false&#8221; global_colors_info=&#8221;{}&#8221;][\/et_pb_button][et_pb_blurb title=&#8221;Sunday June 8th&#8221; url_new_window=&#8221;on&#8221; image=&#8221;https:\/\/www.abbayedereigny.com\/wp-content\/uploads\/2025\/06\/Amis-de-labbaye-de-Reigny-Dejeuner-en-blanc-dimanche-8-juin-2025-13.jpg&#8221; alt=&#8221;Friends of Reigny Abbey, a lunch in white on the banks of the Cure river&#8221; _builder_version=&#8221;4.27.4&#8243; _module_preset=&#8221;default&#8221; header_font=&#8221;|700|||||||&#8221; header_text_color=&#8221;#bf7622&#8243; header_font_size=&#8221;16px&#8221; background_color=&#8221;rgba(190,168,143,0.1)&#8221; custom_margin=&#8221;||15px||false|false&#8221; custom_padding=&#8221;10px|10px|10px|10px|true|true&#8221; link_option_url=&#8221;https:\/\/www.helloasso.com\/associations\/association-des-amis-de-l-abbaye-de-reigny\/evenements\/dejeuner-en-blanc-2025&#8243; link_option_url_new_window=&#8221;on&#8221; box_shadow_style=&#8221;preset3&#8243; global_colors_info=&#8221;{}&#8221;]<\/p>\n<p><strong>Lunch in white<\/strong><\/p>\n<p>Sunday June 8 was a memorable one, thanks to the 80 people who turned out for this third luncheon, in the color of white, traditionally associated with the habit of Cistercian monks.<\/p>\n<p style=\"text-align: right;\">\n<p>[\/et_pb_blurb][et_pb_button button_url=&#8221;@ET-DC@eyJkeW5hbWljIjp0cnVlLCJjb250ZW50IjoicG9zdF9saW5rX3VybF9wb3N0Iiwic2V0dGluZ3MiOnsicG9zdF9pZCI6IjM3MzIiLCJlbmFibGVfaHRtbCI6Im9mZiJ9fQ==@&#8221; url_new_window=&#8221;on&#8221; button_text=&#8221;Discover the day&#8221; button_alignment=&#8221;center&#8221; admin_label=&#8221;Bouton&#8221; _builder_version=&#8221;4.27.4&#8243; _dynamic_attributes=&#8221;button_url&#8221; _module_preset=&#8221;default&#8221; custom_margin=&#8221;0px||43px||false|false&#8221; global_colors_info=&#8221;{}&#8221;][\/et_pb_button][et_pb_blurb title=&#8221;Thursday, July 10 at 11:15 a.m.&#8221; url_new_window=&#8221;on&#8221; image=&#8221;https:\/\/www.abbayedereigny.com\/wp-content\/uploads\/2025\/03\/PEAU-DANE-2025-dumas-Cordoliani-affiche.jpg&#8221; alt=&#8221;PEAU D&#039;ANE 2025 Dumas Cordoliani&#8221; _builder_version=&#8221;4.27.4&#8243; _module_preset=&#8221;default&#8221; header_font=&#8221;|700|||||||&#8221; header_text_color=&#8221;#bf7622&#8243; header_font_size=&#8221;16px&#8221; background_color=&#8221;rgba(190,168,143,0.1)&#8221; custom_margin=&#8221;||0px||false|false&#8221; custom_padding=&#8221;10px|10px|10px|10px|true|true&#8221; link_option_url=&#8221;https:\/\/www.helloasso.com\/associations\/association-des-amis-de-l-abbaye-de-reigny\/evenements\/peau-d-ane-spectacle-jeune-public-2025&#8243; link_option_url_new_window=&#8221;on&#8221; box_shadow_style=&#8221;preset3&#8243; global_colors_info=&#8221;{}&#8221;]<\/p>\n<p><strong>Peau d&#8217;\u00c2ne<\/strong>, the traditional show for young audiences:<\/p>\n<p>A story in song for voice (Romain Dayez, baritone) and piano, composed by Romain Dumas (music) and Emmanuelle Cordiolani (libretto).<\/p>\n<p style=\"text-align: right;\"><strong>For children aged 3 to 12<br \/>during the day: <\/strong><strong>6 \u20ac<\/strong><\/p>\n<p>[\/et_pb_blurb][\/et_pb_column][et_pb_column type=&#8221;1_3&#8243; _builder_version=&#8221;4.25.2&#8243; _module_preset=&#8221;default&#8221; global_colors_info=&#8221;{}&#8221;][et_pb_blurb title=&#8221;Saturday, October 4 at 5:00 p.m. followed by a festive dinner at 8:00 p.m.&#8221; image=&#8221;https:\/\/www.abbayedereigny.com\/wp-content\/uploads\/2025\/09\/Concert-gala.jpg&#8221; alt=&#8221;Alexandre Tharaud piano recital&#8221; _builder_version=&#8221;4.27.4&#8243; _dynamic_attributes=&#8221;link_option_url&#8221; _module_preset=&#8221;default&#8221; header_font=&#8221;|700|||||||&#8221; header_text_color=&#8221;#bf7622&#8243; header_font_size=&#8221;16px&#8221; header_line_height=&#8221;1.6em&#8221; background_color=&#8221;rgba(190,168,143,0.1)&#8221; custom_margin=&#8221;||0px|||&#8221; custom_padding=&#8221;10px|10px|10px|10px|true|true&#8221; link_option_url=&#8221;@ET-DC@eyJkeW5hbWljIjp0cnVlLCJjb250ZW50IjoicG9zdF9saW5rX3VybF9wb3N0Iiwic2V0dGluZ3MiOnsicG9zdF9pZCI6IjM0ODciLCJlbmFibGVfaHRtbCI6Im9mZiJ9fQ==@&#8221; link_option_url_new_window=&#8221;on&#8221; box_shadow_style=&#8221;preset3&#8243; global_colors_info=&#8221;{}&#8221;]<\/p>\n<p><strong>5:00 pm<\/strong><br \/><strong>Piano concert by Alexandre Tharaud<\/strong>: Mozart, Rameau, part 1 and Satie, Poulenc, Brel, Trenet part 2.<\/p>\n<p><strong><img loading=\"lazy\" decoding=\"async\" src=\"https:\/\/www.abbayedereigny.com\/wp-content\/uploads\/2025\/02\/Fichier-1logo-20-ans-A-jaune-Amis-de-labbaye-de-Reigny.png\" width=\"171\" height=\"192\" alt=\"\" class=\"wp-image-3223 alignnone size-full\" style=\"display: block; margin-left: auto; margin-right: auto;\" srcset=\"https:\/\/www.abbayedereigny.com\/wp-content\/uploads\/2025\/02\/Fichier-1logo-20-ans-A-jaune-Amis-de-labbaye-de-Reigny.png 289w, https:\/\/www.abbayedereigny.com\/wp-content\/uploads\/2025\/02\/Fichier-1logo-20-ans-A-jaune-Amis-de-labbaye-de-Reigny-267x300.png 267w\" sizes=\"(max-width: 171px) 100vw, 171px\" \/><\/strong><\/p>\n<p><strong>8:00 pm<br \/>Festive <\/strong>dinner <strong>for the 20th anniversary of the association &#8220;Les Amis de l&#8217;Abbaye de Reigny&#8221; <\/strong>concocted by chef Aur\u00e9lien Millot (Morvan traiteur) in the colors of the coat of arms: sable (black), argent (gray) and sinople (green).<\/p>\n<p style=\"text-align: right;\">By reservation<br \/><strong>Concert only<\/strong><br \/><span style=\"color: #000000;\"><strong>Membership: \u20ac30<\/strong><\/span><br \/><span style=\"color: #000000;\"><strong>Non-member: \u20ac35<\/strong><\/span><\/p>\n<p style=\"text-align: right;\"><strong>Concert and Dinner<\/strong><br \/><span style=\"color: #000000;\"><strong>Members: \u20ac90<\/strong><\/span><br \/><span style=\"color: #000000;\"><strong>Non-member: \u20ac95<\/strong><\/span><\/p>\n<p>[\/et_pb_blurb][et_pb_blurb title=&#8221;Sunday, July 27 at 2 p.m. and 5 p.m.&#8221; url_new_window=&#8221;on&#8221; image=&#8221;https:\/\/www.abbayedereigny.com\/wp-content\/uploads\/2025\/09\/AFFICHE-A4v3-27-juin2025-textes-vectorises.png&#8221; alt=&#8221;Jazz concert under the lime trees: Swing Kings<br \/>\nJean-Pierre Bertrand (piano)<br \/>\nDidier Desbois (vocals and alto sax)<br \/>\nNicolas Peslier (guitar)&#8221; _builder_version=&#8221;4.27.4&#8243; _dynamic_attributes=&#8221;link_option_url&#8221; _module_preset=&#8221;default&#8221; header_font=&#8221;|700|||||||&#8221; header_text_color=&#8221;#bf7622&#8243; header_font_size=&#8221;16px&#8221; background_color=&#8221;rgba(190,168,143,0.1)&#8221; custom_margin=&#8221;||-2px|||&#8221; custom_padding=&#8221;10px|10px|10px|10px|true|true&#8221; link_option_url=&#8221;@ET-DC@eyJkeW5hbWljIjp0cnVlLCJjb250ZW50IjoicG9zdF9saW5rX3VybF9wb3N0Iiwic2V0dGluZ3MiOnsicG9zdF9pZCI6IjMyMDciLCJlbmFibGVfaHRtbCI6Im9mZiJ9fQ==@&#8221; box_shadow_style=&#8221;preset3&#8243; global_colors_info=&#8221;{}&#8221;]<\/p>\n<p style=\"text-align: justify;\"><strong>2:00 pm<br \/><\/strong><strong>General meeting of the association<\/strong>.<\/p>\n<p style=\"text-align: left;\"><strong>5:00 pm<\/strong><br \/><strong>17th edition of &#8220;Jazz sous les tilleuls<\/strong>&#8220;<strong><br \/> by trio<\/strong> <strong>Les swing Kings<\/strong> with Jean-Pierre Bertrand (piano), Nicolas Peslier (guitar) and Didier Desbois (alto sax and vocals).<\/p>\n<p style=\"text-align: right;\"><strong>Member price: \u20ac20<\/strong><br \/><strong>Non-member rate: \u20ac25<\/strong><\/p>\n<p>[\/et_pb_blurb][\/et_pb_column][et_pb_column type=&#8221;1_3&#8243; _builder_version=&#8221;4.25.2&#8243; _module_preset=&#8221;default&#8221; global_colors_info=&#8221;{}&#8221;][et_pb_blog posts_number=&#8221;1&#8243; include_categories=&#8221;82&#8243; show_more=&#8221;on&#8221; show_author=&#8221;off&#8221; show_date=&#8221;off&#8221; show_categories=&#8221;off&#8221; show_pagination=&#8221;off&#8221; _builder_version=&#8221;4.27.4&#8243; _module_preset=&#8221;default&#8221; header_font=&#8221;|700|||||||&#8221; header_text_color=&#8221;#bf7622&#8243; header_font_size=&#8221;16px&#8221; header_line_height=&#8221;1.4em&#8221; custom_padding=&#8221;10px|10px|10px|10px|true|true&#8221; box_shadow_style=&#8221;preset3&#8243; global_colors_info=&#8221;{}&#8221;][\/et_pb_blog][et_pb_code _builder_version=&#8221;4.27.5&#8243; _module_preset=&#8221;default&#8221; hover_enabled=&#8221;0&#8243; sticky_enabled=&#8221;0&#8243;]<iframe loading=\"lazy\" src=\"https:\/\/www.facebook.com\/plugins\/post.php?href=https%3A%2F%2Fwww.facebook.com%2Fpermalink.php%3Fstory_fbid%3Dpfbid02R143zzE3gwhCwUPPZrBWUBN3um1RjgnXKd17xzAo9mBE5dpSP48y3NmQKm2rVTrUl%26id%3D61568472520258&amp;show_text=true&amp;width=500\" width=\"500\" height=\"582\" style=\"border:none;overflow:hidden\" scrolling=\"no\" frameborder=\"0\" allowfullscreen=\"true\" allow=\"autoplay; clipboard-write; encrypted-media; picture-in-picture; web-share\"><\/iframe>[\/et_pb_code][et_pb_blurb title=&#8221;Saturday, December 13 at 4:00 p.m. and 5:30 p.m.&#8221; image=&#8221;https:\/\/www.abbayedereigny.com\/wp-content\/uploads\/2025\/11\/affiche-a4-copie-6Noel-2025.jpg&#8221; alt=&#8221;One evening at the Guitry home<br \/>\nYvonne sings, Sacha recounts&#8221; _builder_version=&#8221;4.27.4&#8243; _module_preset=&#8221;default&#8221; header_font=&#8221;|700|||||||&#8221; header_text_color=&#8221;#bf7622&#8243; header_font_size=&#8221;16px&#8221; header_line_height=&#8221;1.4em&#8221; background_color=&#8221;rgba(190,168,143,0.1)&#8221; custom_margin=&#8221;||0px|||&#8221; custom_padding=&#8221;10px|10px|10px|10px|true|true&#8221; link_option_url=&#8221;https:\/\/www.helloasso.com\/associations\/association-des-amis-de-l-abbaye-de-reigny\/evenements\/spectacle-de-noel-2025&#8243; link_option_url_new_window=&#8221;on&#8221; box_shadow_style=&#8221;preset3&#8243; global_colors_info=&#8221;{}&#8221;]<\/p>\n<p><strong>Christmas concert &#8211; Un soir chez les Guitry<\/strong><\/p>\n<p><strong>V\u00e9ronique Fourcaud<\/strong>, soprano, draws us into her mischievous and charming world<br \/><strong>Pierre-Andr\u00e9 H\u00e9l\u00e8ne<\/strong>, historian and storyteller, distils witty anecdotes<br \/><strong>Fabrice Coccitto<\/strong>, pianist, accompanies each line with brio.<\/p>\n<p><strong>5:30pm: Christmas snack.<\/strong><\/p>\n<p style=\"text-align: right;\"><strong>Member: \u20ac25<\/strong><br \/><strong>Non-member: \u20ac30<\/strong><\/p>\n<p style=\"text-align: right;\">[\/et_pb_blurb][et_pb_code _builder_version=&#8221;4.27.5&#8243; _module_preset=&#8221;default&#8221; global_colors_info=&#8221;{}&#8221;]<iframe loading=\"lazy\" src=\"https:\/\/www.facebook.com\/plugins\/post.php?href=https%3A%2F%2Fwww.facebook.com%2Fflorence.trubert%2Fposts%2Fpfbid095FCtcBYCdzjkz13uwvGSGXfN1LNZJGzBNrvcZ4t264H3SEWEk4hAmc5op5hnpGYl&amp;show_text=true&amp;width=500\" width=\"500\" height=\"640\" style=\"border:none;overflow:hidden\" scrolling=\"no\" frameborder=\"0\" allowfullscreen=\"true\" allow=\"autoplay; clipboard-write; encrypted-media; picture-in-picture; web-share\"><\/iframe>[\/et_pb_code][\/et_pb_column][\/et_pb_row][\/et_pb_section][et_pb_section fb_built=&#8221;1&#8243; admin_label=&#8221;Footer&#8221; _builder_version=&#8221;4.16&#8243; use_background_color_gradient=&#8221;on&#8221; background_color_gradient_stops=&#8221;#1f1f26 0%|rgba(31,31,38,0.71) 100%&#8221; background_color_gradient_overlays_image=&#8221;on&#8221; background_color_gradient_start=&#8221;#1f1f26&#8243; background_color_gradient_end=&#8221;rgba(31,31,38,0.71)&#8221; background_image=&#8221;http:\/\/abbayedereigny.virtualhebergement.com\/wp-content\/uploads\/2022\/02\/upholsterer-62.jpg&#8221; custom_margin=&#8221;||||false|false&#8221; custom_padding=&#8221;0vw||0px||false|false&#8221; saved_tabs=&#8221;all&#8221; locked=&#8221;off&#8221; global_colors_info=&#8221;{}&#8221;][et_pb_row column_structure=&#8221;1_2,1_2&#8243; admin_label=&#8221;Footer&#8221; _builder_version=&#8221;4.16&#8243; custom_padding=&#8221;0px||0px|||&#8221; box_shadow_style=&#8221;preset4&#8243; box_shadow_horizontal=&#8221;30vw&#8221; box_shadow_vertical=&#8221;0px&#8221; box_shadow_color=&#8221;#ffffff&#8221; global_colors_info=&#8221;{}&#8221;][et_pb_column type=&#8221;1_2&#8243; _builder_version=&#8221;4.16&#8243; custom_padding=&#8221;100px||||false|false&#8221; custom_padding_tablet=&#8221;|20px|||false|false&#8221; custom_padding_phone=&#8221;&#8221; custom_padding_last_edited=&#8221;on|phone&#8221; global_colors_info=&#8221;{}&#8221;][et_pb_text _builder_version=&#8221;4.16&#8243; header_2_font=&#8221;Prata||||||||&#8221; header_2_font_size=&#8221;40px&#8221; header_2_line_height=&#8221;1.6em&#8221; background_layout=&#8221;dark&#8221; header_2_font_size_tablet=&#8221;24px&#8221; header_2_font_size_phone=&#8221;22px&#8221; header_2_font_size_last_edited=&#8221;on|desktop&#8221; locked=&#8221;off&#8221; global_colors_info=&#8221;{}&#8221;]<\/p>\n<h2>Contact us to visit the abbey.<\/h2>\n<p>[\/et_pb_text][et_pb_button button_url=&#8221;#open1&#8243; button_text=&#8221;Request a quote&#8221; button_alignment=&#8221;left&#8221; admin_label=&#8221;bouton get a quote&#8221; module_id=&#8221;overlay_unique_id_668&#8243; module_class=&#8221;divioverlay-668&#8243; _builder_version=&#8221;4.21.0&#8243; _module_preset=&#8221;default&#8221; custom_button=&#8221;on&#8221; button_text_size=&#8221;12px&#8221; button_text_color=&#8221;#FFFFFF&#8221; button_bg_color=&#8221;#11223a&#8221; button_border_width=&#8221;0px&#8221; button_border_radius=&#8221;0px&#8221; button_letter_spacing=&#8221;4px&#8221; button_font=&#8221;|700||on|||||&#8221; button_icon_color=&#8221;#E09900&#8243; custom_margin=&#8221;24px|||||&#8221; custom_padding=&#8221;50px|60px|50px|60px|true|true&#8221; saved_tabs=&#8221;all&#8221; global_colors_info=&#8221;{}&#8221;][\/et_pb_button][et_pb_text _builder_version=&#8221;4.16&#8243; text_font=&#8221;Prata||||||||&#8221; text_font_size=&#8221;22px&#8221; text_line_height=&#8221;1.8em&#8221; link_text_color=&#8221;#bea88f&#8221; header_4_font=&#8221;Open Sans|700||on|||||&#8221; header_4_font_size=&#8221;12px&#8221; header_4_letter_spacing=&#8221;2.6px&#8221; header_4_line_height=&#8221;1.6em&#8221; background_layout=&#8221;dark&#8221; max_width=&#8221;250px&#8221; custom_margin=&#8221;||||false|false&#8221; custom_margin_phone=&#8221;60px||||false|false&#8221; custom_margin_last_edited=&#8221;off|phone&#8221; text_font_size_tablet=&#8221;18px&#8221; text_font_size_phone=&#8221;16px&#8221; text_font_size_last_edited=&#8221;on|phone&#8221; link_font_size_tablet=&#8221;20px&#8221; link_font_size_last_edited=&#8221;off|desktop&#8221; locked=&#8221;off&#8221; global_colors_info=&#8221;{}&#8221; text_font_size__hover_enabled=&#8221;off|desktop&#8221;]<\/p>\n<h4>Phone<\/h4>\n<p><a href=\"#\">+ 00 (33) 3 86 81 59 30<\/a>[\/et_pb_text][et_pb_text _builder_version=&#8221;4.16&#8243; text_font=&#8221;Prata||||||||&#8221; text_font_size=&#8221;22px&#8221; text_line_height=&#8221;1.8em&#8221; link_text_color=&#8221;#bea88f&#8221; header_4_font=&#8221;Open Sans|700||on|||||&#8221; header_4_font_size=&#8221;12px&#8221; header_4_letter_spacing=&#8221;2.6px&#8221; header_4_line_height=&#8221;1.6em&#8221; background_layout=&#8221;dark&#8221; max_width=&#8221;383px&#8221; custom_margin=&#8221;|-13px|||false|false&#8221; text_font_size_tablet=&#8221;18px&#8221; text_font_size_phone=&#8221;16px&#8221; text_font_size_last_edited=&#8221;on|phone&#8221; locked=&#8221;off&#8221; global_colors_info=&#8221;{}&#8221;]<\/p>\n<h4>Address<\/h4>\n<p><a href=\"#\">Louis-Marie &amp; B\u00e9atrice MAUVAIS<br \/>Abbaye de Reigny<br \/>89270 Vermenton<\/a><\/p>\n<p>[\/et_pb_text][\/et_pb_column][et_pb_column type=&#8221;1_2&#8243; _builder_version=&#8221;4.16&#8243; background_color=&#8221;#ffffff&#8221; transform_translate=&#8221;1px|0px&#8221; transform_translate_linked=&#8221;off&#8221; custom_padding=&#8221;|60px|60px|60px|false|true&#8221; custom_padding_tablet=&#8221;|0px||30px|false|false&#8221; custom_padding_phone=&#8221;|0px||20px|false|false&#8221; custom_padding_last_edited=&#8221;on|tablet&#8221; global_colors_info=&#8221;{}&#8221;][et_pb_image src=&#8221;https:\/\/www.abbayedereigny.com\/wp-content\/uploads\/2022\/03\/seminaire.jpg&#8221; title_text=&#8221;seminar&#8221; _builder_version=&#8221;4.16&#8243; custom_margin=&#8221;|-50%|40px|-60px|false|false&#8221; custom_margin_tablet=&#8221;|0px|40px|-30px|false|false&#8221; custom_margin_phone=&#8221;|||-20px|false|false&#8221; custom_margin_last_edited=&#8221;on|phone&#8221; global_colors_info=&#8221;{}&#8221;][\/et_pb_image][et_pb_text _builder_version=&#8221;4.16&#8243; header_2_font=&#8221;Prata||||||||&#8221; header_2_line_height=&#8221;1.8em&#8221; custom_margin=&#8221;||0px||false|false&#8221; custom_padding_phone=&#8221;50px|50px|0px|50px|false|true&#8221; custom_padding_last_edited=&#8221;off|desktop&#8221; header_2_font_size_tablet=&#8221;22px&#8221; header_2_font_size_phone=&#8221;20px&#8221; header_2_font_size_last_edited=&#8221;on|phone&#8221; locked=&#8221;off&#8221; global_colors_info=&#8221;{}&#8221;]<\/p>\n<h2>The abbey in pictures<\/h2>\n<p>[\/et_pb_text][et_pb_button button_url=&#8221;@ET-DC@eyJkeW5hbWljIjp0cnVlLCJjb250ZW50IjoicG9zdF9saW5rX3VybF9wYWdlIiwic2V0dGluZ3MiOnsicG9zdF9pZCI6Ijk0MyIsImVuYWJsZV9odG1sIjoib2ZmIn19@&#8221; button_text=&#8221;Gallery&#8221; _builder_version=&#8221;4.18.0&#8243; _dynamic_attributes=&#8221;button_url&#8221; custom_button=&#8221;on&#8221; button_text_size=&#8221;12px&#8221; button_text_color=&#8221;#bea88f&#8221; button_bg_color=&#8221;rgba(0,0,0,0)&#8221; button_border_width=&#8221;0px&#8221; button_border_radius=&#8221;0px&#8221; button_letter_spacing=&#8221;2.6px&#8221; button_font=&#8221;|700||on|||||&#8221; background_layout=&#8221;dark&#8221; custom_margin_phone=&#8221;|50px|50px|50px|false|true&#8221; custom_margin_last_edited=&#8221;off|desktop&#8221; custom_padding=&#8221;|||0px|false|false&#8221; locked=&#8221;off&#8221; global_colors_info=&#8221;{}&#8221; button_bg_color__hover_enabled=&#8221;off|desktop&#8221;][\/et_pb_button][\/et_pb_column][\/et_pb_row][\/et_pb_section][et_pb_section fb_built=&#8221;1&#8243; fullwidth=&#8221;on&#8221; _builder_version=&#8221;4.16&#8243; _module_preset=&#8221;default&#8221; global_colors_info=&#8221;{}&#8221;][et_pb_fullwidth_map address=&#8221;Reigny, 89270 Vermenton, France&#8221; address_lat=&#8221;47.6453895&#8243; address_lng=&#8221;3.7284452&#8243; _builder_version=&#8221;4.16&#8243; _module_preset=&#8221;default&#8221; child_filter_saturate=&#8221;34%&#8221; child_mix_blend_mode=&#8221;lighten&#8221; global_colors_info=&#8221;{}&#8221;][et_pb_map_pin title=&#8221;Access road to the Abbey of Reigny&#8221; pin_address=&#8221;Abbaye de Reigny, 89270 Vermenton, France&#8221; pin_address_lat=&#8221;47.647492&#8243; pin_address_lng=&#8221;3.73723&#8243; _builder_version=&#8221;4.14.8&#8243; _module_preset=&#8221;default&#8221; global_colors_info=&#8221;{}&#8221;]<\/p>\n<p>Follow the road to the gate<\/p>\n<p><img loading=\"lazy\" decoding=\"async\" src=\"https:\/\/www.abbayedereigny.com\/wp-content\/uploads\/2022\/05\/931868e1-8985-4c69-bc89-db8f910d8f64-150x150-1.jpg\" width=\"150\" height=\"150\" alt=\"\" class=\"wp-image-51 alignnone size-thumbnail\"><\/p>\n<p>[\/et_pb_map_pin][\/et_pb_fullwidth_map][\/et_pb_section]<\/p>\n","protected":false},"excerpt":{"rendered":"<p>Association Friends of Reigny Abbey20th anniversary of the associationSeason 2025 &#8211; ScheduleWeekend workcamps to restore the farm buildings and maintain the gardens. Accommodation and meals provided.Weekend workcamps to restore the farm buildings and maintain the gardens. 2-day summaryLunch in white Sunday June 8 was a memorable one, thanks to the 80 people who turned out [&hellip;]<\/p>\n","protected":false},"author":2,"featured_media":0,"parent":0,"menu_order":0,"comment_status":"closed","ping_status":"closed","template":"","meta":{"_et_pb_use_builder":"on","_et_pb_old_content":"","_et_gb_content_width":"","footnotes":""},"class_list":["post-3167","page","type-page","status-publish","hentry"],"yoast_head":"<!-- This site is optimized with the Yoast SEO plugin v27.4 - https:\/\/yoast.com\/product\/yoast-seo-wordpress\/ -->\n<title>Programme 2025 - Abbaye de Reigny - Mariage, Wedding, r\u00e9ception, s\u00e9minaire avec h\u00e9bergement en Bourgogne, Burgundy, France<\/title>\n<meta name=\"robots\" content=\"index, follow, max-snippet:-1, max-image-preview:large, max-video-preview:-1\" \/>\n<link rel=\"canonical\" href=\"https:\/\/www.abbayedereigny.com\/en\/programme-2025\/\" \/>\n<meta property=\"og:locale\" content=\"en_US\" \/>\n<meta property=\"og:type\" content=\"article\" \/>\n<meta property=\"og:title\" content=\"Programme 2025 - Abbaye de Reigny - Mariage, Wedding, r\u00e9ception, s\u00e9minaire avec h\u00e9bergement en Bourgogne, Burgundy, France\" \/>\n<meta property=\"og:description\" content=\"Association Friends of Reigny Abbey20th anniversary of the associationSeason 2025 - ScheduleWeekend workcamps to restore the farm buildings and maintain the gardens. Accommodation and meals provided.Weekend workcamps to restore the farm buildings and maintain the gardens. 2-day summaryLunch in white Sunday June 8 was a memorable one, thanks to the 80 people who turned out [&hellip;]\" \/>\n<meta property=\"og:url\" content=\"https:\/\/www.abbayedereigny.com\/en\/programme-2025\/\" \/>\n<meta property=\"og:site_name\" content=\"Abbaye de Reigny - Mariage, Wedding, r\u00e9ception, s\u00e9minaire avec h\u00e9bergement en Bourgogne, Burgundy, France\" \/>\n<meta property=\"article:publisher\" content=\"https:\/\/www.facebook.com\/abbaye.dereigny\" \/>\n<meta property=\"article:modified_time\" content=\"2026-02-14T08:37:36+00:00\" \/>\n<meta property=\"og:image\" content=\"https:\/\/www.abbayedereigny.com\/wp-content\/uploads\/2025\/02\/Fichier-1logo-20-ans-A-jaune-Amis-de-labbaye-de-Reigny.png\" \/>\n\t<meta property=\"og:image:width\" content=\"289\" \/>\n\t<meta property=\"og:image:height\" content=\"325\" \/>\n\t<meta property=\"og:image:type\" content=\"image\/png\" \/>\n<meta name=\"twitter:card\" content=\"summary_large_image\" \/>\n<meta name=\"twitter:site\" content=\"@AbbayeDeReigny\" \/>\n<meta name=\"twitter:label1\" content=\"Est. reading time\" \/>\n\t<meta name=\"twitter:data1\" content=\"12 minutes\" \/>\n<script type=\"application\/ld+json\" class=\"yoast-schema-graph\">{\"@context\":\"https:\\\/\\\/schema.org\",\"@graph\":[{\"@type\":\"WebPage\",\"@id\":\"https:\\\/\\\/www.abbayedereigny.com\\\/en\\\/programme-2025\\\/\",\"url\":\"https:\\\/\\\/www.abbayedereigny.com\\\/en\\\/programme-2025\\\/\",\"name\":\"Programme 2025 - Abbaye de Reigny - Mariage, Wedding, r\u00e9ception, s\u00e9minaire avec h\u00e9bergement en Bourgogne, Burgundy, France\",\"isPartOf\":{\"@id\":\"https:\\\/\\\/www.abbayedereigny.com\\\/en\\\/#website\"},\"primaryImageOfPage\":{\"@id\":\"https:\\\/\\\/www.abbayedereigny.com\\\/en\\\/programme-2025\\\/#primaryimage\"},\"image\":{\"@id\":\"https:\\\/\\\/www.abbayedereigny.com\\\/en\\\/programme-2025\\\/#primaryimage\"},\"thumbnailUrl\":\"https:\\\/\\\/www.abbayedereigny.com\\\/wp-content\\\/uploads\\\/2025\\\/02\\\/Fichier-1logo-20-ans-A-jaune-Amis-de-labbaye-de-Reigny.png\",\"datePublished\":\"2025-02-20T12:46:12+00:00\",\"dateModified\":\"2026-02-14T08:37:36+00:00\",\"breadcrumb\":{\"@id\":\"https:\\\/\\\/www.abbayedereigny.com\\\/en\\\/programme-2025\\\/#breadcrumb\"},\"inLanguage\":\"en-US\",\"potentialAction\":[{\"@type\":\"ReadAction\",\"target\":[\"https:\\\/\\\/www.abbayedereigny.com\\\/en\\\/programme-2025\\\/\"]}]},{\"@type\":\"ImageObject\",\"inLanguage\":\"en-US\",\"@id\":\"https:\\\/\\\/www.abbayedereigny.com\\\/en\\\/programme-2025\\\/#primaryimage\",\"url\":\"https:\\\/\\\/www.abbayedereigny.com\\\/wp-content\\\/uploads\\\/2025\\\/02\\\/Fichier-1logo-20-ans-A-jaune-Amis-de-labbaye-de-Reigny.png\",\"contentUrl\":\"https:\\\/\\\/www.abbayedereigny.com\\\/wp-content\\\/uploads\\\/2025\\\/02\\\/Fichier-1logo-20-ans-A-jaune-Amis-de-labbaye-de-Reigny.png\"},{\"@type\":\"BreadcrumbList\",\"@id\":\"https:\\\/\\\/www.abbayedereigny.com\\\/en\\\/programme-2025\\\/#breadcrumb\",\"itemListElement\":[{\"@type\":\"ListItem\",\"position\":1,\"name\":\"Accueil\",\"item\":\"https:\\\/\\\/www.abbayedereigny.com\\\/en\\\/abbey-of-reigny-2\\\/\"},{\"@type\":\"ListItem\",\"position\":2,\"name\":\"Programme 2025\"}]},{\"@type\":\"WebSite\",\"@id\":\"https:\\\/\\\/www.abbayedereigny.com\\\/en\\\/#website\",\"url\":\"https:\\\/\\\/www.abbayedereigny.com\\\/en\\\/\",\"name\":\"Abbaye de Reigny - Mariage, Wedding, r\u00e9ception, s\u00e9minaire avec h\u00e9bergement en Bourgogne, Burgundy, France\",\"description\":\"Mariage, Wedding, r\u00e9ception s\u00e9minaires, h\u00e9bergement dans l&#039;Yonne, France\",\"publisher\":{\"@id\":\"https:\\\/\\\/www.abbayedereigny.com\\\/en\\\/#organization\"},\"potentialAction\":[{\"@type\":\"SearchAction\",\"target\":{\"@type\":\"EntryPoint\",\"urlTemplate\":\"https:\\\/\\\/www.abbayedereigny.com\\\/en\\\/?s={search_term_string}\"},\"query-input\":{\"@type\":\"PropertyValueSpecification\",\"valueRequired\":true,\"valueName\":\"search_term_string\"}}],\"inLanguage\":\"en-US\"},{\"@type\":\"Organization\",\"@id\":\"https:\\\/\\\/www.abbayedereigny.com\\\/en\\\/#organization\",\"name\":\"Abbaye de Reigny - Mariage, Wedding, r\u00e9ception, s\u00e9minaire avec h\u00e9bergement en Bourgogne, Burgundy, France\",\"url\":\"https:\\\/\\\/www.abbayedereigny.com\\\/en\\\/\",\"logo\":{\"@type\":\"ImageObject\",\"inLanguage\":\"en-US\",\"@id\":\"https:\\\/\\\/www.abbayedereigny.com\\\/en\\\/#\\\/schema\\\/logo\\\/image\\\/\",\"url\":\"https:\\\/\\\/www.abbayedereigny.com\\\/wp-content\\\/uploads\\\/2022\\\/03\\\/Abbaye-Reigny-blasontexte.png\",\"contentUrl\":\"https:\\\/\\\/www.abbayedereigny.com\\\/wp-content\\\/uploads\\\/2022\\\/03\\\/Abbaye-Reigny-blasontexte.png\",\"width\":374,\"height\":150,\"caption\":\"Abbaye de Reigny - Mariage, Wedding, r\u00e9ception, s\u00e9minaire avec h\u00e9bergement en Bourgogne, Burgundy, France\"},\"image\":{\"@id\":\"https:\\\/\\\/www.abbayedereigny.com\\\/en\\\/#\\\/schema\\\/logo\\\/image\\\/\"},\"sameAs\":[\"https:\\\/\\\/www.facebook.com\\\/abbaye.dereigny\",\"https:\\\/\\\/x.com\\\/AbbayeDeReigny\"]}]}<\/script>\n<!-- \/ Yoast SEO plugin. -->","yoast_head_json":{"title":"Programme 2025 - Abbaye de Reigny - Mariage, Wedding, r\u00e9ception, s\u00e9minaire avec h\u00e9bergement en Bourgogne, Burgundy, France","robots":{"index":"index","follow":"follow","max-snippet":"max-snippet:-1","max-image-preview":"max-image-preview:large","max-video-preview":"max-video-preview:-1"},"canonical":"https:\/\/www.abbayedereigny.com\/en\/programme-2025\/","og_locale":"en_US","og_type":"article","og_title":"Programme 2025 - Abbaye de Reigny - Mariage, Wedding, r\u00e9ception, s\u00e9minaire avec h\u00e9bergement en Bourgogne, Burgundy, France","og_description":"Association Friends of Reigny Abbey20th anniversary of the associationSeason 2025 - ScheduleWeekend workcamps to restore the farm buildings and maintain the gardens. Accommodation and meals provided.Weekend workcamps to restore the farm buildings and maintain the gardens. 2-day summaryLunch in white Sunday June 8 was a memorable one, thanks to the 80 people who turned out [&hellip;]","og_url":"https:\/\/www.abbayedereigny.com\/en\/programme-2025\/","og_site_name":"Abbaye de Reigny - Mariage, Wedding, r\u00e9ception, s\u00e9minaire avec h\u00e9bergement en Bourgogne, Burgundy, France","article_publisher":"https:\/\/www.facebook.com\/abbaye.dereigny","article_modified_time":"2026-02-14T08:37:36+00:00","og_image":[{"width":289,"height":325,"url":"https:\/\/www.abbayedereigny.com\/wp-content\/uploads\/2025\/02\/Fichier-1logo-20-ans-A-jaune-Amis-de-labbaye-de-Reigny.png","type":"image\/png"}],"twitter_card":"summary_large_image","twitter_site":"@AbbayeDeReigny","twitter_misc":{"Est. reading time":"12 minutes"},"schema":{"@context":"https:\/\/schema.org","@graph":[{"@type":"WebPage","@id":"https:\/\/www.abbayedereigny.com\/en\/programme-2025\/","url":"https:\/\/www.abbayedereigny.com\/en\/programme-2025\/","name":"Programme 2025 - Abbaye de Reigny - Mariage, Wedding, r\u00e9ception, s\u00e9minaire avec h\u00e9bergement en Bourgogne, Burgundy, France","isPartOf":{"@id":"https:\/\/www.abbayedereigny.com\/en\/#website"},"primaryImageOfPage":{"@id":"https:\/\/www.abbayedereigny.com\/en\/programme-2025\/#primaryimage"},"image":{"@id":"https:\/\/www.abbayedereigny.com\/en\/programme-2025\/#primaryimage"},"thumbnailUrl":"https:\/\/www.abbayedereigny.com\/wp-content\/uploads\/2025\/02\/Fichier-1logo-20-ans-A-jaune-Amis-de-labbaye-de-Reigny.png","datePublished":"2025-02-20T12:46:12+00:00","dateModified":"2026-02-14T08:37:36+00:00","breadcrumb":{"@id":"https:\/\/www.abbayedereigny.com\/en\/programme-2025\/#breadcrumb"},"inLanguage":"en-US","potentialAction":[{"@type":"ReadAction","target":["https:\/\/www.abbayedereigny.com\/en\/programme-2025\/"]}]},{"@type":"ImageObject","inLanguage":"en-US","@id":"https:\/\/www.abbayedereigny.com\/en\/programme-2025\/#primaryimage","url":"https:\/\/www.abbayedereigny.com\/wp-content\/uploads\/2025\/02\/Fichier-1logo-20-ans-A-jaune-Amis-de-labbaye-de-Reigny.png","contentUrl":"https:\/\/www.abbayedereigny.com\/wp-content\/uploads\/2025\/02\/Fichier-1logo-20-ans-A-jaune-Amis-de-labbaye-de-Reigny.png"},{"@type":"BreadcrumbList","@id":"https:\/\/www.abbayedereigny.com\/en\/programme-2025\/#breadcrumb","itemListElement":[{"@type":"ListItem","position":1,"name":"Accueil","item":"https:\/\/www.abbayedereigny.com\/en\/abbey-of-reigny-2\/"},{"@type":"ListItem","position":2,"name":"Programme 2025"}]},{"@type":"WebSite","@id":"https:\/\/www.abbayedereigny.com\/en\/#website","url":"https:\/\/www.abbayedereigny.com\/en\/","name":"Abbaye de Reigny - Mariage, Wedding, r\u00e9ception, s\u00e9minaire avec h\u00e9bergement en Bourgogne, Burgundy, France","description":"Mariage, Wedding, r\u00e9ception s\u00e9minaires, h\u00e9bergement dans l&#039;Yonne, France","publisher":{"@id":"https:\/\/www.abbayedereigny.com\/en\/#organization"},"potentialAction":[{"@type":"SearchAction","target":{"@type":"EntryPoint","urlTemplate":"https:\/\/www.abbayedereigny.com\/en\/?s={search_term_string}"},"query-input":{"@type":"PropertyValueSpecification","valueRequired":true,"valueName":"search_term_string"}}],"inLanguage":"en-US"},{"@type":"Organization","@id":"https:\/\/www.abbayedereigny.com\/en\/#organization","name":"Abbaye de Reigny - Mariage, Wedding, r\u00e9ception, s\u00e9minaire avec h\u00e9bergement en Bourgogne, Burgundy, France","url":"https:\/\/www.abbayedereigny.com\/en\/","logo":{"@type":"ImageObject","inLanguage":"en-US","@id":"https:\/\/www.abbayedereigny.com\/en\/#\/schema\/logo\/image\/","url":"https:\/\/www.abbayedereigny.com\/wp-content\/uploads\/2022\/03\/Abbaye-Reigny-blasontexte.png","contentUrl":"https:\/\/www.abbayedereigny.com\/wp-content\/uploads\/2022\/03\/Abbaye-Reigny-blasontexte.png","width":374,"height":150,"caption":"Abbaye de Reigny - Mariage, Wedding, r\u00e9ception, s\u00e9minaire avec h\u00e9bergement en Bourgogne, Burgundy, France"},"image":{"@id":"https:\/\/www.abbayedereigny.com\/en\/#\/schema\/logo\/image\/"},"sameAs":["https:\/\/www.facebook.com\/abbaye.dereigny","https:\/\/x.com\/AbbayeDeReigny"]}]}},"jetpack_sharing_enabled":true,"_links":{"self":[{"href":"https:\/\/www.abbayedereigny.com\/en\/wp-json\/wp\/v2\/pages\/3167","targetHints":{"allow":["GET"]}}],"collection":[{"href":"https:\/\/www.abbayedereigny.com\/en\/wp-json\/wp\/v2\/pages"}],"about":[{"href":"https:\/\/www.abbayedereigny.com\/en\/wp-json\/wp\/v2\/types\/page"}],"author":[{"embeddable":true,"href":"https:\/\/www.abbayedereigny.com\/en\/wp-json\/wp\/v2\/users\/2"}],"replies":[{"embeddable":true,"href":"https:\/\/www.abbayedereigny.com\/en\/wp-json\/wp\/v2\/comments?post=3167"}],"version-history":[{"count":50,"href":"https:\/\/www.abbayedereigny.com\/en\/wp-json\/wp\/v2\/pages\/3167\/revisions"}],"predecessor-version":[{"id":4232,"href":"https:\/\/www.abbayedereigny.com\/en\/wp-json\/wp\/v2\/pages\/3167\/revisions\/4232"}],"wp:attachment":[{"href":"https:\/\/www.abbayedereigny.com\/en\/wp-json\/wp\/v2\/media?parent=3167"}],"curies":[{"name":"wp","href":"https:\/\/api.w.org\/{rel}","templated":true}]}}